{"id":39,"date":"2017-06-22T19:37:16","date_gmt":"2017-06-22T19:37:16","guid":{"rendered":"http:\/\/vanlange.de\/?page_id=39"},"modified":"2022-06-17T07:58:16","modified_gmt":"2022-06-17T07:58:16","slug":"impressum","status":"publish","type":"page","link":"http:\/\/bttf-tt.de\/?page_id=39","title":{"rendered":"Impressum"},"content":{"rendered":"<p>Vorsitzender<\/p>\n<p>Harald Kraft, Rebgartenstr. 8, 66482 Zweibr\u00fccken<\/p>\n<p>Telefon: 06332\/14350<\/p>\n<p>&nbsp;<\/p>\n<p>BTTF Zweibr\u00fccken e.V.<\/p>\n<p>Gesch\u00e4ftsstelle: Altheimer Str. 10, 66482 Zweibr\u00fccken<\/p>\n<p>Mail: walter.morgenthaler@onlinehome.de<\/p>\n<p>&nbsp;<\/p>\n<p>Datenschutzerkl\u00e4rung:<br \/>\nGrundsatz:<br \/>\nWir nehmen den Schutz Ihrer pers\u00f6nlichen Daten sehr ernst und behandeln Ihre personenbezogenen Daten<br \/>\nvertraulich und entsprechend der gesetzlichen Datenschutzvorschriften sowie dieser Datenschutzerkl\u00e4rung.<br \/>\nDatenverarbeitung auf dieser Internetseite:<br \/>\nWir erheben und speichern automatisch Informationen in Log Files, die Ihr Browser automatisch an uns<br \/>\n\u00fcbermittelt. Dies sind Browsertyp\/ Browserversion, verwendetes Betriebssystem, Referrer URL und Uhrzeit der<br \/>\nServeranfrage. Diese Daten sind nicht bestimmten Personen zuordenbar. Eine Zusammenf\u00fchrung dieser Daten<br \/>\nmit anderen Datenquellen wird nicht vorgenommen.<br \/>\nNutzung von Cookies:<br \/>\nDie Internetseiten verwenden teilweise so genannte Cookies. Diese dienen dazu, unser Angebot<br \/>\nnutzerfreundlicher, effektiver und sicherer zu machen. Cookies sind kleine Textdateien, die auf Ihrem Rechner<br \/>\nabgelegt werden und die Ihr Browser speichert. Die meisten der von uns verwendeten Cookies sind so<br \/>\ngenannte \u201eSession-Cookies\u201c. Sie werden nach Ende Ihres Besuchs automatisch gel\u00f6scht. Cookies richten auf<br \/>\nIhrem Rechner keinen Schaden an und enthalten keine Viren.<br \/>\nKontaktformular:<br \/>\nWenn Sie uns per Kontaktformular oder E-Mail Anfragen zukommen lassen, werden Ihre Angaben aus dem<br \/>\nAnfrageformular oder der E-Mail inklusive der von Ihnen dort angegebenen Kontaktdaten zwecks Bearbeitung<br \/>\nder Anfrage und f\u00fcr den Fall von Anschlussfragen bei uns gespeichert. Diese Daten geben wir nicht ohne Ihre<br \/>\nEinwilligung weiter. Die Daten werden nach abgeschlossener Bearbeitung Ihrer Anfrage gel\u00f6scht.<br \/>\nSie k\u00f6nnen Ihre Einwilligung jederzeit f\u00fcr die Zukunft per E-Mail an die Gesch\u00e4ftsstelle (Kontaktdaten siehe<br \/>\noben) widerrufen.<br \/>\nNewsletter:<br \/>\nWenn Sie\u00a0von uns einen Newsletter beziehen m\u00f6chten, ben\u00f6tigen wir von Ihnen eine E-Mail-Adresse. Den<br \/>\nNewsletter k\u00f6nnen Sie jederzeit kostenfrei abbestellen. Dazu bitte einfach eine Antwort mit der Bitte um<br \/>\n&amp;quot;Austragen&amp;quot; an den Absender vom Newsletter senden.<br \/>\n.<\/p>\n<p>Widerspruchsrecht und Auskunftsrecht:<br \/>\nSie haben jederzeit das Recht auf unentgeltliche Auskunft \u00fcber Ihre bei uns gespeicherten personenbezogenen<br \/>\nDaten, deren Herkunft und Empf\u00e4nger und den Zweck der Datenverarbeitung sowie ein Recht auf Berichtigung,<br \/>\nSperrung oder L\u00f6schung dieser Daten.<br \/>\nWenn Sie Fragen hierzu haben, die Ihnen diese Datenschutzerkl\u00e4rung nicht beantworten konnte, k\u00f6nnen Sie<br \/>\nsich jederzeit per E-Mail an die Gesch\u00e4ftsstelle (Kontaktdaten siehe oben) wenden.<br \/>\nQuelle:\u00a0https:\/\/www.e-recht24.de<br \/>\nDatenschutzerkl\u00e4rung f\u00fcr die Vereinsarbeit<br \/>\nInformationspflichten nach Artikel 13 und 14 DSGVO<br \/>\nNach Artikel 13 und 14 EU-DSGVO hat der Verantwortliche einer betroffenen Person, deren Daten er<br \/>\nverarbeitet, die in den Artikeln genannten Informationen bereit zu stellen. Dieser Informationspflicht kommen<br \/>\nwir hier nach.<br \/>\n1. Namen und Kontaktdaten des Verantwortlichen sowie gegebenenfalls seiner Vertreter:<br \/>\nsiehe ganz oben auf dieser Seite<br \/>\n2. Zwecke, f\u00fcr die personenbezogenen Daten verarbeitet werden:<br \/>\nDie personenbezogenen Daten werden f\u00fcr die Durchf\u00fchrung des Mitgliedschaftsverh\u00e4ltnisses verarbeitet (z.B.<br \/>\nEinladung zu Versammlungen, Beitragseinzug, Organisation des Sportbetriebes).<br \/>\nFerner werden personenbezogene Daten zur Teilnahme am Wettkampf-, Turnier- und Spielbetrieb der<br \/>\nLandesfachverb\u00e4nde an diese weitergeleitet.<br \/>\nDar\u00fcber hinaus werden personenbezogene Daten im Zusammenhang mit sportlichen Ereignissen einschlie\u00dflich<br \/>\nder Berichterstattung hier\u00fcber auf der Internetseite des Vereins, in Auftritten des Vereins in Sozialen Medien<\/p>\n<p>sowie auf Seiten der Fachverb\u00e4nde ver\u00f6ffentlicht und an lokale, regionale und \u00fcberregionale Printmedien<br \/>\n\u00fcbermittelt.<\/p>\n<p>3. Rechtsgrundlagen, auf Grund derer die Verarbeitung erfolgt:<br \/>\nDie Verarbeitung der personenbezogenen Daten erfolgt in der Regel aufgrund der Erforderlichkeit zur Erf\u00fcllung<br \/>\neines Vertrages gem\u00e4\u00df Artikel 6 Abs. 1 lit. b) DSGVO. Bei den Vertragsverh\u00e4ltnissen handelt es sich in erster<br \/>\nLinie um das Mitgliedschaftsverh\u00e4ltnis im Verein und um die Teilnahme am Spielbetrieb der Fachverb\u00e4nde.<br \/>\nWerden personenbezogene Daten erhoben, ohne dass die Verarbeitung zur Erf\u00fcllung des Vertrages<br \/>\nerforderlich ist, erfolgt die Verarbeitung aufgrund einer Einwilligung nach Artikel 6 Abs. 1 lit. a) i.V.m. Artikel 7<br \/>\nDSGVO.<br \/>\nDie Ver\u00f6ffentlichung personenbezogener Daten im Internet oder in lokalen, regionalen oder \u00fcberregionalen<br \/>\nPrintmedien erfolgt zur Wahrung berechtigter Interessen des Vereins (vgl. Artikel 6 Abs. 1 lit. f) DSGVO). Das<br \/>\nberechtigte Interesse des Vereins besteht in der Information der \u00d6ffentlichkeit durch Berichtserstattung \u00fcber<br \/>\ndie Aktivit\u00e4ten des Vereins. In diesem Rahmen werden personenbezogene Daten einschlie\u00dflich von Bildern der<br \/>\nTeilnehmer zum Beispiel im Rahmen der Berichterstattung \u00fcber sportliche Ereignisse des Vereins<br \/>\nver\u00f6ffentlicht.<br \/>\n4. Die Empf\u00e4nger oder Kategorien von Empf\u00e4ngern der personenbezogenen Daten:<br \/>\nPersonenbezogene Daten der Mitglieder, die am Spiel- und Wettkampfbetrieb der Landesfachverb\u00e4nde<br \/>\nteilnehmen, werden zum Erwerb einer Lizenz, einer Wertungskarte, eines Spielerpasses oder sonstiger<br \/>\nTeilnahmeberechtigung an den jeweiligen Landesfachverband weitergegeben.<br \/>\nDie Daten der Bankverbindung der Mitglieder werden zum Zwecke des Beitragseinzugs an die [BANK]<br \/>\nweitergeleitet.<br \/>\n5. Die Dauer, f\u00fcr die die personenbezogenen Daten gespeichert werden oder, falls dies nicht m\u00f6glich ist, die<br \/>\nKriterien f\u00fcr die Festlegung der Dauer:<br \/>\nDie personenbezogenen Daten werden f\u00fcr die Dauer der Mitgliedschaft gespeichert.<br \/>\nMit Beendigung der Mitgliedschaft werden die Datenkategorien\u00a0gem\u00e4\u00df den gesetzlichen Aufbewahrungsfristen<br \/>\nweitere zehn Jahre vorgehalten und dann gel\u00f6scht. In der Zeit zwischen Beendigung der Mitgliedschaft und der<br \/>\nL\u00f6schung wird die Verarbeitung dieser Daten eingeschr\u00e4nkt.<br \/>\nBestimmte Datenkategorien werden zum Zweck der Vereinschronik im Vereinsarchiv gespeichert. Hierbei<br \/>\nhandelt es sich um die Kategorien Vorname, Nachname, Zugeh\u00f6rigkeit zu einer Mannschaft, besondere<br \/>\nsportliche Erfolge oder Ereignisse, an denen die betroffene Person mitgewirkt hat. Der Speicherung liegt ein<br \/>\nberechtigtes Interesse des Vereins an der zeitgeschichtlichen Dokumentation von sportlichen Ereignissen und<br \/>\nErfolgen und der jeweiligen Zusammensetzung der Mannschaften zugrunde.<br \/>\nAlle Daten der \u00fcbrigen Kategorien (z.B. Bankdaten, Anschrift, Kontaktdaten) werden mit Beendigung der<br \/>\nMitgliedschaft gel\u00f6scht.<br \/>\n6. Der betroffenen Person stehen unter den in den Artikeln jeweils genannten Voraussetzungen die<br \/>\nnachfolgenden Rechte zu:<br \/>\n&#8211; das Recht auf Auskunft nach Artikel 15 DSGVO,<br \/>\n&#8211; das Recht auf Berichtigung nach Artikel 16 DSGVO,<br \/>\n&#8211; das Recht auf L\u00f6schung nach Artikel 17 DSGVO,<br \/>\n&#8211; das Recht auf Einschr\u00e4nkung der Verarbeitung nach Artikel 18 DSGVO,<br \/>\n&#8211; das Recht auf Daten\u00fcbertragbarkeit nach Artikel 20 DSGVO,<br \/>\n&#8211; das Widerspruchsrecht nach Artikel 21 DSGVO,<br \/>\n&#8211; das Recht auf Beschwerde bei einer Aufsichtsbeh\u00f6rde nach Artikel 77 DSGVO<br \/>\n&#8211; das Recht, eine erteilte Einwilligung jederzeit widerrufen zu k\u00f6nnen, ohne dass die Rechtm\u00e4\u00dfigkeit der<br \/>\naufgrund der Einwilligung bis zum Widerruf erfolgten Verarbeitung hierdurch ber\u00fchrt wird.<\/p>\n","protected":false},"excerpt":{"rendered":"<p>Vorsitzender Harald Kraft, Rebgartenstr. 8, 66482 Zweibr\u00fccken Telefon: 06332\/14350 &nbsp; BTTF Zweibr\u00fccken e.V. Gesch\u00e4ftsstelle: Altheimer Str. 10, 66482 Zweibr\u00fccken Mail: walter.morgenthaler@onlinehome.de &nbsp; Datenschutzerkl\u00e4rung: Grundsatz: Wir nehmen den Schutz Ihrer pers\u00f6nlichen Daten sehr ernst und behandeln Ihre personenbezogenen Daten vertraulich und entsprechend der gesetzlichen Datenschutzvorschriften sowie dieser Datenschutzerkl\u00e4rung. Datenverarbeitung auf dieser Internetseite: Wir erheben und speichern &hellip; <\/p>\n<p class=\"link-more\"><a href=\"http:\/\/bttf-tt.de\/?page_id=39\" class=\"more-link\"><span class=\"screen-reader-text\">&#8220;Impressum&#8221;<\/span> weiterlesen<\/a><\/p>\n","protected":false},"author":1,"featured_media":0,"parent":0,"menu_order":0,"comment_status":"closed","ping_status":"closed","template":"","meta":{"footnotes":""},"class_list":["post-39","page","type-page","status-publish","hentry"],"_links":{"self":[{"href":"http:\/\/bttf-tt.de\/index.php?rest_route=\/wp\/v2\/pages\/39"}],"collection":[{"href":"http:\/\/bttf-tt.de\/index.php?rest_route=\/wp\/v2\/pages"}],"about":[{"href":"http:\/\/bttf-tt.de\/index.php?rest_route=\/wp\/v2\/types\/page"}],"author":[{"embeddable":true,"href":"http:\/\/bttf-tt.de\/index.php?rest_route=\/wp\/v2\/users\/1"}],"replies":[{"embeddable":true,"href":"http:\/\/bttf-tt.de\/index.php?rest_route=%2Fwp%2Fv2%2Fcomments&post=39"}],"version-history":[{"count":6,"href":"http:\/\/bttf-tt.de\/index.php?rest_route=\/wp\/v2\/pages\/39\/revisions"}],"predecessor-version":[{"id":654,"href":"http:\/\/bttf-tt.de\/index.php?rest_route=\/wp\/v2\/pages\/39\/revisions\/654"}],"wp:attachment":[{"href":"http:\/\/bttf-tt.de\/index.php?rest_route=%2Fwp%2Fv2%2Fmedia&parent=39"}],"curies":[{"name":"wp","href":"https:\/\/api.w.org\/{rel}","templated":true}]}}